
{"version":"1.0","provider_name":"vida Pensionisten","provider_url":"https:\/\/blog.vida.at\/pensionisten","author_name":"michaelafeik","author_url":"https:\/\/blog.vida.at\/pensionisten\/author\/michaelafeik\/","title":"Wenn Corona auf die Psyche schl\u00e4gt","type":"rich","width":600,"height":338,"html":"<blockquote class=\"wp-embedded-content\" data-secret=\"WpX0MEw3GL\"><a href=\"https:\/\/blog.vida.at\/pensionisten\/2021\/02\/04\/wenn-corona-auf-die-psyche-schlaegt\/\">Wenn Corona auf die Psyche schl\u00e4gt<\/a><\/blockquote><iframe sandbox=\"allow-scripts\" security=\"restricted\" src=\"https:\/\/blog.vida.at\/pensionisten\/2021\/02\/04\/wenn-corona-auf-die-psyche-schlaegt\/embed\/#?secret=WpX0MEw3GL\" width=\"600\" height=\"338\" title=\"&#8222;Wenn Corona auf die Psyche schl\u00e4gt&#8220; &#8211; vida Pensionisten\" data-secret=\"WpX0MEw3GL\" frameborder=\"0\" marginwidth=\"0\" marginheight=\"0\" scrolling=\"no\" class=\"wp-embedded-content\"><\/iframe><script>\n\/*! This file is auto-generated *\/\n!function(d,l){\"use strict\";l.querySelector&&d.addEventListener&&\"undefined\"!=typeof URL&&(d.wp=d.wp||{},d.wp.receiveEmbedMessage||(d.wp.receiveEmbedMessage=function(e){var t=e.data;if((t||t.secret||t.message||t.value)&&!\/[^a-zA-Z0-9]\/.test(t.secret)){for(var s,r,n,a=l.querySelectorAll('iframe[data-secret=\"'+t.secret+'\"]'),o=l.querySelectorAll('blockquote[data-secret=\"'+t.secret+'\"]'),c=new RegExp(\"^https?:$\",\"i\"),i=0;i<o.length;i++)o[i].style.display=\"none\";for(i=0;i<a.length;i++)s=a[i],e.source===s.contentWindow&&(s.removeAttribute(\"style\"),\"height\"===t.message?(1e3<(r=parseInt(t.value,10))?r=1e3:~~r<200&&(r=200),s.height=r):\"link\"===t.message&&(r=new URL(s.getAttribute(\"src\")),n=new URL(t.value),c.test(n.protocol))&&n.host===r.host&&l.activeElement===s&&(d.top.location.href=t.value))}},d.addEventListener(\"message\",d.wp.receiveEmbedMessage,!1),l.addEventListener(\"DOMContentLoaded\",function(){for(var e,t,s=l.querySelectorAll(\"iframe.wp-embedded-content\"),r=0;r<s.length;r++)(t=(e=s[r]).getAttribute(\"data-secret\"))||(t=Math.random().toString(36).substring(2,12),e.src+=\"#?secret=\"+t,e.setAttribute(\"data-secret\",t)),e.contentWindow.postMessage({message:\"ready\",secret:t},\"*\")},!1)))}(window,document);\n\/\/# sourceURL=https:\/\/blog.vida.at\/pensionisten\/wp-includes\/js\/wp-embed.min.js\n<\/script>\n","thumbnail_url":"https:\/\/blog.vida.at\/pensionisten\/wp-content\/uploads\/sites\/10\/2021\/02\/senior-sad-man-leans-on-a-cane-while-sitting-on-so-SDBGQWW-scaled.jpg","thumbnail_width":2560,"thumbnail_height":1709,"description":"Bei seelischen Belastungen Hilfe holen. Beratungsangebot in Wien. Die Corona-Krise l\u00f6st in uns allen ein Gef\u00fchl der Unsicherheit aus. Die anhaltenden massiven Beschr\u00e4nkungen des \u00f6ffentlichen Lebens sind eine Belastung f\u00fcr die Seele. In Krisenzeiten gilt umso mehr, achtsam mit sich selbst sein, m\u00f6gliche Anzeichen psychischer Belastungen ernstnehmen und im Fall der F\u00e4lle Unterst\u00fctzung suchen."}