
{"id":1354,"date":"2020-10-14T17:18:04","date_gmt":"2020-10-14T15:18:04","guid":{"rendered":"http:\/\/blog.vida.at\/pensionisten\/?page_id=1354"},"modified":"2020-11-04T14:31:40","modified_gmt":"2020-11-04T13:31:40","slug":"historisches","status":"publish","type":"page","link":"https:\/\/blog.vida.at\/pensionisten\/historisches\/","title":{"rendered":"Historisches"},"content":{"rendered":"\n<div class=\"wp-block-group container\"><div class=\"wp-block-group__inner-container is-layout-flow wp-block-group-is-layout-flow\">\n<div class=\"wp-block-group container\"><div class=\"wp-block-group__inner-container is-layout-flow wp-block-group-is-layout-flow\"><div class=\"pt-cv-wrapper\"><div class=\"pt-cv-view pt-cv-scrollable pt-cv-colsys\" id=\"pt-cv-view-b955ab7cuk\"><div data-id=\"pt-cv-page-1\" class=\"pt-cv-page\" data-cvc=\"2\"><div id=\"a7e64c5z0c\" class=\"pt-cv-carousel pt-cv-slide\" data-ride=\"cvcarousel\" data-interval=5000>\n<div class=\"carousel-inner\"><div class=\"item active\"><div class=\"row\"><div class=\"col-md-6 col-sm-12 col-xs-12 pt-cv-content-item pt-cv-1-col\"  data-pid=\"8016\"><a href=\"https:\/\/blog.vida.at\/pensionisten\/2023\/12\/07\/die-zahnradbahnen-der-k-k-oesterreichisch-ungarischen-monarchie\/\" class=\"_self pt-cv-href-thumbnail pt-cv-thumb-default cvplbd\" target=\"_self\" ><img loading=\"lazy\" decoding=\"async\" width=\"300\" height=\"195\" src=\"https:\/\/blog.vida.at\/pensionisten\/wp-content\/uploads\/sites\/10\/2023\/12\/Plakat-Zahnradbahnen_k.k.-O\u0308sterreich-300x195.jpg\" class=\"pt-cv-thumbnail img-none no-lazyload \" alt=\"Die Zahnradbahnen der k.k. \u00f6sterreichisch-ungarischen Monarchie\" srcset=\"https:\/\/blog.vida.at\/pensionisten\/wp-content\/uploads\/sites\/10\/2023\/12\/Plakat-Zahnradbahnen_k.k.-O\u0308sterreich-300x195.jpg 300w, https:\/\/blog.vida.at\/pensionisten\/wp-content\/uploads\/sites\/10\/2023\/12\/Plakat-Zahnradbahnen_k.k.-O\u0308sterreich-1024x664.jpg 1024w, https:\/\/blog.vida.at\/pensionisten\/wp-content\/uploads\/sites\/10\/2023\/12\/Plakat-Zahnradbahnen_k.k.-O\u0308sterreich-768x498.jpg 768w, https:\/\/blog.vida.at\/pensionisten\/wp-content\/uploads\/sites\/10\/2023\/12\/Plakat-Zahnradbahnen_k.k.-O\u0308sterreich-1536x997.jpg 1536w, https:\/\/blog.vida.at\/pensionisten\/wp-content\/uploads\/sites\/10\/2023\/12\/Plakat-Zahnradbahnen_k.k.-O\u0308sterreich-2048x1329.jpg 2048w, https:\/\/blog.vida.at\/pensionisten\/wp-content\/uploads\/sites\/10\/2023\/12\/Plakat-Zahnradbahnen_k.k.-O\u0308sterreich-500x324.jpg 500w, https:\/\/blog.vida.at\/pensionisten\/wp-content\/uploads\/sites\/10\/2023\/12\/Plakat-Zahnradbahnen_k.k.-O\u0308sterreich-800x519.jpg 800w, https:\/\/blog.vida.at\/pensionisten\/wp-content\/uploads\/sites\/10\/2023\/12\/Plakat-Zahnradbahnen_k.k.-O\u0308sterreich-1280x830.jpg 1280w, https:\/\/blog.vida.at\/pensionisten\/wp-content\/uploads\/sites\/10\/2023\/12\/Plakat-Zahnradbahnen_k.k.-O\u0308sterreich-1920x1246.jpg 1920w, https:\/\/blog.vida.at\/pensionisten\/wp-content\/uploads\/sites\/10\/2023\/12\/Plakat-Zahnradbahnen_k.k.-O\u0308sterreich-1568x1017.jpg 1568w\" sizes=\"auto, (max-width: 34.9rem) calc(100vw - 2rem), (max-width: 53rem) calc(8 * (100vw \/ 12)), (min-width: 53rem) calc(6 * (100vw \/ 12)), 100vw\" \/><\/a>\n<div class=\"pt-cv-carousel-caption pt-cv-cap-w-img\"><h4 class=\"pt-cv-title\"><a href=\"https:\/\/blog.vida.at\/pensionisten\/2023\/12\/07\/die-zahnradbahnen-der-k-k-oesterreichisch-ungarischen-monarchie\/\" class=\"_self cvplbd\" target=\"_self\" >Die Zahnradbahnen der k.k. \u00f6sterreichisch-ungarischen Monarchie<\/a><\/h4>\n<div class=\"pt-cv-content\">Buchpr\u00e4sentation und Lichterbildvortrag am 15. J\u00e4nner 2024 im Eisenbahnerheim in Wien.<br \/><div class=\"pt-cv-rmwrap\"><a href=\"https:\/\/blog.vida.at\/pensionisten\/2023\/12\/07\/die-zahnradbahnen-der-k-k-oesterreichisch-ungarischen-monarchie\/\" class=\"_self pt-cv-readmore btn btn-success cvplbd\" target=\"_self\">Weiterlesen \u2026<\/a><\/div><\/div><\/div><\/div>\n<div class=\"col-md-6 col-sm-12 col-xs-12 pt-cv-content-item pt-cv-1-col\"  data-pid=\"891\"><a href=\"https:\/\/blog.vida.at\/pensionisten\/2020\/10\/14\/75-jahre-oegb-frauen-2\/\" class=\"_self pt-cv-href-thumbnail pt-cv-thumb-default cvplbd\" target=\"_self\" ><img loading=\"lazy\" decoding=\"async\" width=\"300\" height=\"169\" src=\"https:\/\/blog.vida.at\/pensionisten\/wp-content\/uploads\/sites\/10\/2020\/09\/oegb-Archiv-300x169.png\" class=\"pt-cv-thumbnail img-none no-lazyload \" alt=\"75 Jahre \u00d6GB Frauen\" srcset=\"https:\/\/blog.vida.at\/pensionisten\/wp-content\/uploads\/sites\/10\/2020\/09\/oegb-Archiv-300x169.png 300w, https:\/\/blog.vida.at\/pensionisten\/wp-content\/uploads\/sites\/10\/2020\/09\/oegb-Archiv-768x432.png 768w, https:\/\/blog.vida.at\/pensionisten\/wp-content\/uploads\/sites\/10\/2020\/09\/oegb-Archiv-500x282.png 500w, https:\/\/blog.vida.at\/pensionisten\/wp-content\/uploads\/sites\/10\/2020\/09\/oegb-Archiv-800x450.png 800w, https:\/\/blog.vida.at\/pensionisten\/wp-content\/uploads\/sites\/10\/2020\/09\/oegb-Archiv.png 1000w\" sizes=\"auto, (max-width: 34.9rem) calc(100vw - 2rem), (max-width: 53rem) calc(8 * (100vw \/ 12)), (min-width: 53rem) calc(6 * (100vw \/ 12)), 100vw\" \/><\/a>\n<div class=\"pt-cv-carousel-caption pt-cv-cap-w-img\"><h4 class=\"pt-cv-title\"><a href=\"https:\/\/blog.vida.at\/pensionisten\/2020\/10\/14\/75-jahre-oegb-frauen-2\/\" class=\"_self cvplbd\" target=\"_self\" >75 Jahre \u00d6GB Frauen<\/a><\/h4>\n<div class=\"pt-cv-content\">Das \u201everdammtes Weibsvolk\u201c auf dem Weg zur Gleichberechtigung Zehn Frauen leitete(n) seit dem Jahr 1945 die \u00d6GB-Frauenabteilung. Die Geschichte ihrer Errungenschaften gleicht einem H\u00fcrdenlauf mit schweren R\u00fccks\u00e4cken voller Forderungen zur Verbesserung des Lebens erwerbst\u00e4tiger Frauen.<br \/><div class=\"pt-cv-rmwrap\"><a href=\"https:\/\/blog.vida.at\/pensionisten\/2020\/10\/14\/75-jahre-oegb-frauen-2\/\" class=\"_self pt-cv-readmore btn btn-success cvplbd\" target=\"_self\">Weiterlesen \u2026<\/a><\/div><\/div><\/div><\/div><\/div><\/div><\/div>\n<\/div><\/div><\/div><\/div>\t\t\t<style type=\"text\/css\" id=\"pt-cv-inline-style-973fb20p18\">#pt-cv-view-b955ab7cuk.pt-cv-post-border { margin: 0; border-top-width: 1px; border-left-width: 1px }\n#pt-cv-view-b955ab7cuk.pt-cv-post-border { margin: 0; border-top-style: solid; border-left-style: solid }\n#pt-cv-view-b955ab7cuk.pt-cv-post-border .pt-cv-content-item   { border-right-width: 1px; border-bottom-width: 1px; border-right-style: solid; border-bottom-style: solid; }\n#pt-cv-view-b955ab7cuk .pt-cv-title a, #pt-cv-view-b955ab7cuk  .panel-title { font-weight: 600 !important; }\n#pt-cv-view-b955ab7cuk  .pt-cv-hover-wrapper::before   { background-color: rgba(0,0,0,.3) !important; }\n#pt-cv-view-b955ab7cuk  .pt-cv-content-item:hover .pt-cv-hover-wrapper::before   { background-color: rgba(51,51,51,.6) !important; }\n#pt-cv-view-b955ab7cuk:not(.pt-cv-nohover) .pt-cv-mask *   { color: #fff; }\n#pt-cv-view-b955ab7cuk .pt-cv-carousel-caption  { background-color: rgba(51,51,51,.6) !important; }\n#pt-cv-view-b955ab7cuk .pt-cv-specialp { background-color: #CC3333 !important }\n#pt-cv-view-b955ab7cuk .pt-cv-specialp * { color: #fff !important; }\n#pt-cv-view-b955ab7cuk .pt-cv-pficon  { color: #bbb !important; }\n#pt-cv-view-b955ab7cuk  .add_to_cart_button, #pt-cv-view-b955ab7cuk  .add_to_cart_button *   { color: #ffffff !important; background-color: #00aeef !important; }\n#pt-cv-view-b955ab7cuk  .woocommerce-onsale   { color: #ffffff !important; background-color: #ff5a5f !important; }\n#pt-cv-view-b955ab7cuk .pt-cv-readmore  { color: #ffffff !important; background-color: #00aeef !important; }\n#pt-cv-view-b955ab7cuk .pt-cv-readmore:hover  { color: #ffffff !important; background-color: #00aeef !important; }\n#pt-cv-view-b955ab7cuk  + .pt-cv-pagination-wrapper .pt-cv-more , #pt-cv-view-b955ab7cuk  + .pt-cv-pagination-wrapper .pagination .active a { color: #ffffff !important; background-color: #00aeef !important; }\n[id^='pt-cv-filter-bar-b955ab7cuk'] .active.pt-cv-filter-option, [id^='pt-cv-filter-bar-b955ab7cuk'] .active .pt-cv-filter-option, [id^='pt-cv-filter-bar-b955ab7cuk'] .selected.pt-cv-filter-option, [id^='pt-cv-filter-bar-b955ab7cuk'] .dropdown-toggle   { color: #fff !important; background-color: #00aeef !important; }\n[id^='pt-cv-filter-bar-b955ab7cuk'] .pt-cv-filter-title   { color: #fff !important; background-color: #00aeef !important; }\n#pt-cv-gls-b955ab7cuk li a.pt-active   { color: #fff !important; background-color: #ff5a5f !important; }\n#pt-cv-view-b955ab7cuk .pt-cv-gls-header  { color: #fff !important; background-color: #00aeef !important; }<\/style>\r\n\t\t\t\n<\/div><\/div>\n\n\n\n<h2 class=\"section-title wp-block-heading\">Linktipp<\/h2>\n\n\n\n<p><a href=\"https:\/\/blog.vida.at\/pensionisten\/eisenbahnerarchiv\/\"><strong>&gt;&gt; Hier geht&#8217;s zum Eisenbahnerarchiv<\/strong><\/a><\/p>\n<\/div><\/div>\n","protected":false},"excerpt":{"rendered":"<p>Linktipp &gt;&gt; Hier geht&#8217;s zum Eisenbahnerarchiv<\/p>\n","protected":false},"author":5,"featured_media":0,"parent":0,"menu_order":0,"comment_status":"closed","ping_status":"open","template":"","meta":{"_uag_custom_page_level_css":"","advgb_blocks_editor_width":"","advgb_blocks_columns_visual_guide":"","footnotes":""},"class_list":["post-1354","page","type-page","status-publish","hentry","entry"],"featured_image_urls":{"full":"","thumbnail":"","medium":"","medium_large":"","large":"","1536x1536":"","2048x2048":"","ab-block-post-grid-landscape":"","ab-block-post-grid-square":"","post-thumbnail":"","awb_sm":"","awb_md":"","awb_lg":"","awb_xl":""},"post_excerpt_stackable":"<p>Die Zahnradbahnen der k.k. \u00f6sterreichisch-ungarischen Monarchie Buchpr\u00e4sentation und Lichterbildvortrag am 15. J\u00e4nner 2024 im Eisenbahnerheim in Wien.Weiterlesen \u2026 75 Jahre \u00d6GB Frauen Das \u201everdammtes Weibsvolk\u201c auf dem Weg zur Gleichberechtigung Zehn Frauen leitete(n) seit dem Jahr 1945 die \u00d6GB-Frauenabteilung. Die Geschichte ihrer Errungenschaften gleicht einem H\u00fcrdenlauf mit schweren R\u00fccks\u00e4cken voller Forderungen zur Verbesserung des Lebens erwerbst\u00e4tiger Frauen.Weiterlesen \u2026 Linktipp &gt;&gt; Hier geht&#8217;s zum Eisenbahnerarchiv<\/p>\n","category_list":"","author_info":{"name":"michaelafeik","url":"https:\/\/blog.vida.at\/pensionisten\/author\/michaelafeik\/"},"comments_num":"0 comments","featured_image_urls_v2":{"full":"","thumbnail":"","medium":"","medium_large":"","large":"","1536x1536":"","2048x2048":"","ab-block-post-grid-landscape":"","ab-block-post-grid-square":"","post-thumbnail":"","awb_sm":"","awb_md":"","awb_lg":"","awb_xl":""},"post_excerpt_stackable_v2":"<p>Die Zahnradbahnen der k.k. \u00f6sterreichisch-ungarischen Monarchie Buchpr\u00e4sentation und Lichterbildvortrag am 15. J\u00e4nner 2024 im Eisenbahnerheim in Wien.Weiterlesen \u2026 75 Jahre \u00d6GB Frauen Das \u201everdammtes Weibsvolk\u201c auf dem Weg zur Gleichberechtigung Zehn Frauen leitete(n) seit dem Jahr 1945 die \u00d6GB-Frauenabteilung. Die Geschichte ihrer Errungenschaften gleicht einem H\u00fcrdenlauf mit schweren R\u00fccks\u00e4cken voller Forderungen zur Verbesserung des Lebens erwerbst\u00e4tiger Frauen.Weiterlesen \u2026 Linktipp &gt;&gt; Hier geht&#8217;s zum Eisenbahnerarchiv<\/p>\n","category_list_v2":"","author_info_v2":{"name":"michaelafeik","url":"https:\/\/blog.vida.at\/pensionisten\/author\/michaelafeik\/"},"comments_num_v2":"0 comments","yoast_head":"<!-- This site is optimized with the Yoast SEO plugin v27.3 - https:\/\/yoast.com\/product\/yoast-seo-wordpress\/ -->\n<title>Historisches - vida Pensionisten<\/title>\n<meta name=\"robots\" content=\"index, follow, max-snippet:-1, max-image-preview:large, max-video-preview:-1\" \/>\n<link rel=\"canonical\" href=\"https:\/\/blog.vida.at\/pensionisten\/historisches\/\" \/>\n<meta property=\"og:locale\" content=\"de_DE\" \/>\n<meta property=\"og:type\" content=\"article\" \/>\n<meta property=\"og:title\" content=\"Historisches - vida Pensionisten\" \/>\n<meta property=\"og:description\" content=\"Linktipp &gt;&gt; Hier geht&#8217;s zum Eisenbahnerarchiv\" \/>\n<meta property=\"og:url\" content=\"https:\/\/blog.vida.at\/pensionisten\/historisches\/\" \/>\n<meta property=\"og:site_name\" content=\"vida Pensionisten\" \/>\n<meta property=\"article:modified_time\" content=\"2020-11-04T13:31:40+00:00\" \/>\n<meta name=\"twitter:card\" content=\"summary_large_image\" \/>\n<script type=\"application\/ld+json\" class=\"yoast-schema-graph\">{\"@context\":\"https:\\\/\\\/schema.org\",\"@graph\":[{\"@type\":\"WebPage\",\"@id\":\"https:\\\/\\\/blog.vida.at\\\/pensionisten\\\/historisches\\\/\",\"url\":\"https:\\\/\\\/blog.vida.at\\\/pensionisten\\\/historisches\\\/\",\"name\":\"Historisches - vida Pensionisten\",\"isPartOf\":{\"@id\":\"https:\\\/\\\/blog.vida.at\\\/pensionisten\\\/#website\"},\"datePublished\":\"2020-10-14T15:18:04+00:00\",\"dateModified\":\"2020-11-04T13:31:40+00:00\",\"breadcrumb\":{\"@id\":\"https:\\\/\\\/blog.vida.at\\\/pensionisten\\\/historisches\\\/#breadcrumb\"},\"inLanguage\":\"de\",\"potentialAction\":[{\"@type\":\"ReadAction\",\"target\":[\"https:\\\/\\\/blog.vida.at\\\/pensionisten\\\/historisches\\\/\"]}]},{\"@type\":\"BreadcrumbList\",\"@id\":\"https:\\\/\\\/blog.vida.at\\\/pensionisten\\\/historisches\\\/#breadcrumb\",\"itemListElement\":[{\"@type\":\"ListItem\",\"position\":1,\"name\":\"Startseite\",\"item\":\"https:\\\/\\\/blog.vida.at\\\/pensionisten\\\/\"},{\"@type\":\"ListItem\",\"position\":2,\"name\":\"Historisches\"}]},{\"@type\":\"WebSite\",\"@id\":\"https:\\\/\\\/blog.vida.at\\\/pensionisten\\\/#website\",\"url\":\"https:\\\/\\\/blog.vida.at\\\/pensionisten\\\/\",\"name\":\"vida Pensionisten\",\"description\":\"\",\"potentialAction\":[{\"@type\":\"SearchAction\",\"target\":{\"@type\":\"EntryPoint\",\"urlTemplate\":\"https:\\\/\\\/blog.vida.at\\\/pensionisten\\\/?s={search_term_string}\"},\"query-input\":{\"@type\":\"PropertyValueSpecification\",\"valueRequired\":true,\"valueName\":\"search_term_string\"}}],\"inLanguage\":\"de\"}]}<\/script>\n<!-- \/ Yoast SEO plugin. -->","yoast_head_json":{"title":"Historisches - vida Pensionisten","robots":{"index":"index","follow":"follow","max-snippet":"max-snippet:-1","max-image-preview":"max-image-preview:large","max-video-preview":"max-video-preview:-1"},"canonical":"https:\/\/blog.vida.at\/pensionisten\/historisches\/","og_locale":"de_DE","og_type":"article","og_title":"Historisches - vida Pensionisten","og_description":"Linktipp &gt;&gt; Hier geht&#8217;s zum Eisenbahnerarchiv","og_url":"https:\/\/blog.vida.at\/pensionisten\/historisches\/","og_site_name":"vida Pensionisten","article_modified_time":"2020-11-04T13:31:40+00:00","twitter_card":"summary_large_image","schema":{"@context":"https:\/\/schema.org","@graph":[{"@type":"WebPage","@id":"https:\/\/blog.vida.at\/pensionisten\/historisches\/","url":"https:\/\/blog.vida.at\/pensionisten\/historisches\/","name":"Historisches - vida Pensionisten","isPartOf":{"@id":"https:\/\/blog.vida.at\/pensionisten\/#website"},"datePublished":"2020-10-14T15:18:04+00:00","dateModified":"2020-11-04T13:31:40+00:00","breadcrumb":{"@id":"https:\/\/blog.vida.at\/pensionisten\/historisches\/#breadcrumb"},"inLanguage":"de","potentialAction":[{"@type":"ReadAction","target":["https:\/\/blog.vida.at\/pensionisten\/historisches\/"]}]},{"@type":"BreadcrumbList","@id":"https:\/\/blog.vida.at\/pensionisten\/historisches\/#breadcrumb","itemListElement":[{"@type":"ListItem","position":1,"name":"Startseite","item":"https:\/\/blog.vida.at\/pensionisten\/"},{"@type":"ListItem","position":2,"name":"Historisches"}]},{"@type":"WebSite","@id":"https:\/\/blog.vida.at\/pensionisten\/#website","url":"https:\/\/blog.vida.at\/pensionisten\/","name":"vida Pensionisten","description":"","potentialAction":[{"@type":"SearchAction","target":{"@type":"EntryPoint","urlTemplate":"https:\/\/blog.vida.at\/pensionisten\/?s={search_term_string}"},"query-input":{"@type":"PropertyValueSpecification","valueRequired":true,"valueName":"search_term_string"}}],"inLanguage":"de"}]}},"featured_image_src":null,"featured_image_src_square":null,"uagb_featured_image_src":{"full":false,"thumbnail":false,"medium":false,"medium_large":false,"large":false,"1536x1536":false,"2048x2048":false,"ab-block-post-grid-landscape":false,"ab-block-post-grid-square":false,"post-thumbnail":false,"awb_sm":false,"awb_md":false,"awb_lg":false,"awb_xl":false},"uagb_author_info":{"display_name":"michaelafeik","author_link":"https:\/\/blog.vida.at\/pensionisten\/author\/michaelafeik\/"},"uagb_comment_info":0,"uagb_excerpt":"Linktipp &gt;&gt; Hier geht&#8217;s zum Eisenbahnerarchiv","coauthors":[],"author_meta":{"author_link":"https:\/\/blog.vida.at\/pensionisten\/author\/michaelafeik\/","display_name":"michaelafeik"},"relative_dates":{"created":"Ver\u00f6ffentlicht 6\u00a0Jahren vor","modified":"Aktualisiert 5\u00a0Jahren vor"},"absolute_dates":{"created":"Ver\u00f6ffentlicht am 14. Oktober 2020","modified":"Aktualisiert am 4. November 2020"},"absolute_dates_time":{"created":"Ver\u00f6ffentlicht am 14. Oktober 2020 17:18","modified":"Aktualisiert am 4. November 2020 14:31"},"featured_img_caption":"","featured_img":false,"series_order":"","_links":{"self":[{"href":"https:\/\/blog.vida.at\/pensionisten\/wp-json\/wp\/v2\/pages\/1354","targetHints":{"allow":["GET"]}}],"collection":[{"href":"https:\/\/blog.vida.at\/pensionisten\/wp-json\/wp\/v2\/pages"}],"about":[{"href":"https:\/\/blog.vida.at\/pensionisten\/wp-json\/wp\/v2\/types\/page"}],"author":[{"embeddable":true,"href":"https:\/\/blog.vida.at\/pensionisten\/wp-json\/wp\/v2\/users\/5"}],"replies":[{"embeddable":true,"href":"https:\/\/blog.vida.at\/pensionisten\/wp-json\/wp\/v2\/comments?post=1354"}],"version-history":[{"count":5,"href":"https:\/\/blog.vida.at\/pensionisten\/wp-json\/wp\/v2\/pages\/1354\/revisions"}],"predecessor-version":[{"id":1422,"href":"https:\/\/blog.vida.at\/pensionisten\/wp-json\/wp\/v2\/pages\/1354\/revisions\/1422"}],"wp:attachment":[{"href":"https:\/\/blog.vida.at\/pensionisten\/wp-json\/wp\/v2\/media?parent=1354"}],"curies":[{"name":"wp","href":"https:\/\/api.w.org\/{rel}","templated":true}]}}